{"id":3,"date":"2025-03-13T10:15:41","date_gmt":"2025-03-13T10:15:41","guid":{"rendered":"https:\/\/psi-salon.eleninadilna.cz\/domains\/psi-salon.eleninadilna.cz\/?page_id=3"},"modified":"2025-03-18T07:38:18","modified_gmt":"2025-03-18T07:38:18","slug":"ochrana-osobnich-udaju","status":"publish","type":"page","link":"https:\/\/psi-salon.eleninadilna.cz\/domains\/psi-salon.eleninadilna.cz\/ochrana-osobnich-udaju\/","title":{"rendered":"Ochrana osobnich udaju"},"content":{"rendered":"\n<h2 class=\"wp-block-heading\"><strong><strong>Z\u00e1sady zpracov\u00e1n\u00ed osobn\u00edch \u00fadaj\u016f<\/strong><\/strong><\/h2>\n\n\n\n<p>C\u00edlem t\u011bchto Z\u00e1sad zpracov\u00e1n\u00ed osobn\u00edch \u00fadaj\u016f pro z\u00e1kazn\u00edky dle GDPR (\u201eZ\u00e1sady\u201c) vydan\u00fdch firmou&nbsp;<strong>Elenina d\u00edlna\u2013Olena Czerner<\/strong>, se s\u00eddlem&nbsp;<strong>Doln\u00ed Marklovice \u010d.4, 735 72 Petrovice u Karvin\u00e9<\/strong>, I\u010cO:&nbsp;<strong>19767331<\/strong>, zaps\u00e1no na \u00fa\u0159adu p\u0159\u00edslu\u0161n\u00e9m podle \u00a771 odst.2 \u017eivnostensk\u00e9ho z\u00e1kona:&nbsp;<strong>Magistr\u00e1t m\u011bsta Karvin\u00e9<\/strong>, je poskytnout informace o tom, jak\u00e9 osobn\u00ed \u00fadaje (d\u00e1le tak\u00e9 \u201e\u00fadaje\u201c) firma jako spr\u00e1vce zpracov\u00e1v\u00e1 o fyzick\u00fdch osob\u00e1ch p\u0159i n\u00e1v\u0161t\u011bv\u00e1ch internetov\u00fdch str\u00e1nek provozovan\u00fdch&nbsp;<strong>Elenina d\u00edlna \u2013 Olena Czerner<\/strong>&nbsp;a kontaktech s potenci\u00e1ln\u00edmi z\u00e1kazn\u00edky. D\u00e1le je v Z\u00e1sad\u00e1ch uvedeno, k jak\u00fdm \u00fa\u010del\u016fm a jak dlouho \u010cNP tyto osobn\u00ed \u00fadaje v souladu s platn\u00fdmi pr\u00e1vn\u00edmi p\u0159edpisy zpracov\u00e1v\u00e1, komu a z jak\u00e9ho d\u016fvodu je m\u016f\u017ee p\u0159edat, a rovn\u011b\u017e informace o tom, jak\u00e1 pr\u00e1va fyzick\u00fdm osob\u00e1m v souvislosti se zpracov\u00e1n\u00edm jejich osobn\u00edch \u00fadaj\u016f n\u00e1le\u017e\u00ed. Tyto Z\u00e1sady jsou \u00fa\u010dinn\u00e9 od 25. 5. 2018 a jsou vyd\u00e1ny v souladu s na\u0159\u00edzen\u00edm (EU) 2016\/679, o ochran\u011b fyzick\u00fdch osob v souvislosti se zpracov\u00e1n\u00edm osobn\u00edch \u00fadaj\u016f (\u201ena\u0159\u00edzen\u00ed\u201c nebo \u201eGDPR\u201c) za \u00fa\u010delem zaji\u0161t\u011bn\u00ed informa\u010dn\u00ed povinnosti \u010cNP jako spr\u00e1vce osobn\u00edch \u00fadaj\u016f dle \u010dl. 13 GDPR. Tyto Z\u00e1sady se t\u00fdkaj\u00ed zpracov\u00e1n\u00ed osobn\u00edch \u00fadaj\u016f z\u00e1kazn\u00edk\u016f, u\u017eivatel\u016f slu\u017eeb, z\u00e1jemc\u016f o zbo\u017e\u00ed a n\u00e1v\u0161t\u011bvn\u00edk\u016f internetov\u00fdch str\u00e1nek provozovan\u00fdch&nbsp;<strong>Elenina d\u00edlna \u2013 Olena Czerner,<\/strong>&nbsp;a to v\u017edy v&nbsp;rozsahu ochrany osobn\u00edch \u00fadaj\u016f dle GDPR odpov\u00eddaj\u00edc\u00edm jejich postaven\u00ed v\u016f\u010di&nbsp;<strong>Elenina d\u00edlna \u2013 Olena Czerner<\/strong>.<\/p>\n\n\n\n<p>N\u00ed\u017ee naleznete p\u0159ehled hlavn\u00edch princip\u016f ochrany osobn\u00edch \u00fadaj\u016f a dal\u0161\u00edch zpracov\u00e1van\u00fdch \u00fadaj\u016f. Dal\u0161\u00ed informace naleznete na na\u0161ich internetov\u00fdch str\u00e1nk\u00e1ch&nbsp;<strong>eleninadilna.cz<\/strong>, v sekci t\u00fdkaj\u00edc\u00ed se ochrany osobn\u00edch \u00fadaj\u016f.<\/p>\n\n\n\n<ol class=\"wp-block-list\">\n<li><strong>Kdo zpracov\u00e1v\u00e1 Va\u0161e \u00fadaje?<\/strong><\/li>\n<\/ol>\n\n\n\n<p>Osobn\u00ed \u00fadaje zpracov\u00e1v\u00e1 firmou&nbsp;<strong>Elenina d\u00edlna \u2013 Olena Czerner<\/strong>, se s\u00eddlem&nbsp;<strong>Doln\u00ed Marklovice \u010d.4, 735 72 Petrovice u Karvin\u00e9<\/strong>, I\u010cO:&nbsp;<strong>19767331<\/strong>, jako spr\u00e1vce osobn\u00edch \u00fadaj\u016f dle GDPR. Va\u0161e \u00fadaje budeme zpracov\u00e1vat dle n\u00ed\u017ee uveden\u00fdch podm\u00ednek.<\/p>\n\n\n\n<ol start=\"2\" class=\"wp-block-list\">\n<li><strong>Co je osobn\u00ed \u00fadaj?<\/strong><\/li>\n<\/ol>\n\n\n\n<p>Osobn\u00edm \u00fadajem&nbsp;je jak\u00e1koliv informace t\u00fdkaj\u00edc\u00ed se ur\u010den\u00e9 nebo ur\u010diteln\u00e9 fyzick\u00e9 osoby, k n\u00ed\u017e se osobn\u00ed \u00fadaje vztahuj\u00ed. Tato se pova\u017euje za ur\u010denou nebo ur\u010ditelnou, jestli\u017ee lze fyzickou osobu p\u0159\u00edmo \u010di nep\u0159\u00edmo identifikovat zejm\u00e9na na z\u00e1klad\u011b \u010d\u00edsla, k\u00f3du nebo jednoho \u010di v\u00edce prvk\u016f, specifick\u00fdch pro jej\u00ed fyzickou, fyziologickou, psychickou, ekonomickou, kulturn\u00ed nebo soci\u00e1ln\u00ed identitu.&nbsp;Nakl\u00e1d\u00e1n\u00ed s takov\u00fdmito \u00fadaji m\u016f\u017ee b\u00fdt vzhledem k pr\u00e1vu na soukrom\u00ed omezov\u00e1no, p\u0159i\u010dem\u017e ochrana osobn\u00edch \u00fadaj\u016f je upravena&nbsp;GDPR.<\/p>\n\n\n\n<ol start=\"3\" class=\"wp-block-list\">\n<li><strong>Jak\u00e9 Va\u0161e osobn\u00ed \u00fadaje zpracov\u00e1v\u00e1me?<\/strong><\/li>\n<\/ol>\n\n\n\n<p>Zpracov\u00e1v\u00e1me pouze osobn\u00ed \u00fadaje, kter\u00e9 n\u00e1m poskytujete v souvislosti se z\u00e1jmem o na\u0161e produkty a jejich koupi (nap\u0159. v&nbsp;r\u00e1mci registrace, objedn\u00e1vky \u010di ud\u011blen\u00edm souhlasu se zpracov\u00e1n\u00edm osobn\u00edch \u00fadaj\u016f a ud\u011blen\u00edm souhlasu se zas\u00edl\u00e1n\u00edm informac\u00ed o novink\u00e1ch a ak\u010dn\u00edch nab\u00eddk\u00e1ch atd.), resp. uzav\u0159en\u00ed smlouvy o koupi zbo\u017e\u00ed.<\/p>\n\n\n\n<p>Jedn\u00e1 se tak nej\u010dast\u011bji o&nbsp;\u00fadaje, kter\u00e9 n\u00e1m sd\u011bl\u00edte&nbsp;p\u0159i registraci a\/nebo p\u0159i zakoupen\u00ed zbo\u017e\u00ed:<\/p>\n\n\n\n<h5 class=\"wp-block-heading\"><strong>1) Z\u00e1kladn\u00ed osobn\u00ed identifika\u010dn\u00ed \u00fadaje a adresn\u00ed \u00fadaje<\/strong><\/h5>\n\n\n\n<p>Tyto \u00fadaje jsou nutn\u00e9 pro uzav\u0159en\u00ed a pln\u011bn\u00ed smlouvy. Jedn\u00e1 se zejm\u00e9na o:<\/p>\n\n\n\n<ol class=\"wp-block-list\">\n<li>a) Email<\/li>\n\n\n\n<li>b) Jm\u00e9no a p\u0159\u00edjmen\u00ed<\/li>\n\n\n\n<li>c) Telefon<\/li>\n\n\n\n<li>d) Kontaktn\u00ed a\/nebo doru\u010dovac\u00ed adresa<\/li>\n\n\n\n<li>e) Platebn\u00ed \u00fadaje (\u010d\u00edslo platebn\u00ed karty), kter\u00e9 ne\/ulo\u017e\u00edme k\u00a0Va\u0161emu \u00fa\u010dtu (pouze p\u0159i vyu\u017e\u00edv\u00e1n\u00ed placen\u00fdch slu\u017eeb jako je nap\u0159. n\u00e1kupu na na\u0161em e-shopu atd.)<\/li>\n\n\n\n<li>f) Dal\u0161\u00ed \u00fadaje V\u00e1mi dobrovoln\u011b vypln\u011bn\u00e9 v\u00a0pozn\u00e1mce p\u0159i vypl\u0148ov\u00e1n\u00ed objedn\u00e1vky.<\/li>\n<\/ol>\n\n\n\n<h5 class=\"wp-block-heading\"><strong>2) Dal\u0161\u00ed \u00fadaje zpracovan\u00e9 na z\u00e1klad\u011b Va\u0161eho souhlasu, kter\u00e9 od V\u00e1s z\u00edsk\u00e1me t\u00edm, \u017ee pou\u017e\u00edv\u00e1te na\u0161e slu\u017eby<\/strong><\/h5>\n\n\n\n<ol class=\"wp-block-list\">\n<li>a) IP adresa<\/li>\n\n\n\n<li>b) Soubory cookies (v p\u0159\u00edpad\u011b online slu\u017eeb)<\/li>\n\n\n\n<li>c) Z\u00e1znamy o chov\u00e1n\u00ed na internetov\u00fdch str\u00e1nk\u00e1ch spravovan\u00fdch\u00a0<strong>Elenina d\u00edlna \u2013 Olena Czerner<\/strong>\u00a0z\u00edskan\u00e9 z cookies v p\u0159\u00edpad\u011b povolen\u00ed cookies ve webov\u00e9m prohl\u00ed\u017ee\u010di. Z\u00e1znamy jsou zpracov\u00e1ny pro vylep\u0161en\u00ed provozu internetov\u00fdch str\u00e1nek provozovan\u00fdch\u00a0<strong>Elenina d\u00edlna \u2013 Olena Czerner<\/strong>\u00a0a internetovou reklamu<\/li>\n\n\n\n<li>d) P\u0159\u00edpadn\u011b jin\u00fd online identifik\u00e1tor.<\/li>\n<\/ol>\n\n\n\n<h5 class=\"wp-block-heading\"><strong>3) \u00dadaje o zakoupen\u00e9m zbo\u017e\u00ed<\/strong><\/h5>\n\n\n\n<ol class=\"wp-block-list\">\n<li>a) Na e-shopu\u00a0<strong>Elenina d\u00edlna \u2013 Olena Czerner<\/strong>\u00a0naleznete seznam sv\u00fdch objedn\u00e1vek a obl\u00edben\u00e9 produkty.<\/li>\n<\/ol>\n\n\n\n<ol start=\"4\" class=\"wp-block-list\">\n<li><strong>Pro\u010d Va\u0161e osobn\u00ed \u00fadaje zpracov\u00e1v\u00e1me?<\/strong><\/li>\n\n\n\n<li>1) Pln\u011bn\u00ed z\u00e1konn\u00fdch da\u0148ov\u00fdch povinnost\u00ed (pln\u011bn\u00ed z\u00e1konn\u00fdch povinnost\u00ed)<\/li>\n\n\n\n<li>4) Vym\u00e1h\u00e1n\u00ed pohled\u00e1vek za z\u00e1kazn\u00edky jako kupuj\u00edc\u00edmi a ostatn\u00ed z\u00e1kaznick\u00e9 spory (opr\u00e1vn\u011bn\u00fd z\u00e1jem\u00a0<strong>Elenina d\u00edlna \u2013 Olena Czerner<\/strong>)<\/li>\n\n\n\n<li>5) Evidence dlu\u017en\u00edk\u016f (opr\u00e1vn\u011bn\u00fd z\u00e1jem\u00a0<strong>Elenina d\u00edlna \u2013 Olena Czerner<\/strong>)<\/li>\n\n\n\n<li>6) Marketingov\u00e9 \u00fa\u010dely (souhlasy z\u00e1kazn\u00edk\u016f)<\/li>\n<\/ol>\n\n\n\n<ol start=\"5\" class=\"wp-block-list\">\n<li><strong>Poskytnut\u00ed osobn\u00edch \u00fadaj\u016f<\/strong><\/li>\n<\/ol>\n\n\n\n<p>Poskytnut\u00ed osobn\u00edch \u00fadaj\u016f nutn\u00fdch pro pln\u011bn\u00ed smlouvy, pln\u011bn\u00ed z\u00e1konn\u00fdch povinnost\u00ed&nbsp;<strong>Elenina d\u00edlna \u2013 Olena Czerner<\/strong>&nbsp;a ochranu opr\u00e1vn\u011bn\u00fdch z\u00e1jm\u016f&nbsp;<strong>Elenina d\u00edlna \u2013 Olena Czerner<\/strong>&nbsp;je povinn\u00e9. Bez poskytnut\u00ed osobn\u00edch \u00fadaj\u016f k t\u011bmto \u00fa\u010del\u016fm by nebylo mo\u017en\u00e9 pln\u011bn\u00ed povinnost\u00ed&nbsp;<strong>Elenina d\u00edlna \u2013 Olena Czerner<\/strong>&nbsp;v\u016f\u010di z\u00e1kazn\u00edk\u016fm zajistit. Ke zpracov\u00e1n\u00ed osobn\u00edch \u00fadaj\u016f pro tyto \u00fa\u010dely nepot\u0159ebujeme souhlas. Zde pou\u017e\u00edv\u00e1me pr\u00e1vn\u00ed titul plynut\u00ed ze smlouvy pro zpracov\u00e1n\u00ed osobn\u00edch \u00fadaj\u016f.&nbsp;Osobn\u00ed \u00fadaje pro tyto \u010dinnosti jsou zpracov\u00e1ny v rozsahu nutn\u00e9m pro napln\u011bn\u00ed t\u011bchto \u010dinnost\u00ed a po dobu nutnou k jejich dosa\u017een\u00ed nebo po dobu p\u0159\u00edmo stanovenou pr\u00e1vn\u00edmi p\u0159edpisy.<\/p>\n\n\n\n<h5 class=\"wp-block-heading\">1) Zpracov\u00e1n\u00ed osobn\u00edch \u00fadaj\u016f pro marketingov\u00e9 \u00fa\u010dely<\/h5>\n\n\n\n<p>U subjekt\u016f, kter\u00e9 ud\u011blily souhlas s marketingov\u00fdm osloven\u00edm prost\u0159ednictv\u00edm elektronick\u00e9ho kontaktu, zpracov\u00e1v\u00e1&nbsp;<strong>Elenina d\u00edlna \u2013 Olena Czerner<\/strong>&nbsp;s jejich souhlasem po dobu uvedenou v souhlasu \u00fadaje, kter\u00e9 j\u00ed subjekt d\u00e1 k dispozici pro \u00fa\u010dely marketingov\u00e9ho osloven\u00ed a zas\u00edl\u00e1n\u00edm informac\u00ed o produktech, novink\u00e1ch a ak\u010dn\u00edch nab\u00eddk\u00e1ch&nbsp;<strong>Elenina d\u00edlna \u2013 Olena Czerner<\/strong>. Pokud je tento souhlas ud\u011blen prost\u0159ednictv\u00edm internetov\u00fdch str\u00e1nek provozovan\u00fdch&nbsp;<strong>Elenina d\u00edlna \u2013 Olena Czerner<\/strong>, jsou spole\u010dn\u011b s t\u011bmito kontakty zpracov\u00e1ny i \u00fadaje z cookies&nbsp;<strong>Elenina d\u00edlna \u2013 Olena Czerner<\/strong>, kter\u00e9 jsou um\u00edst\u011bny na internetov\u00fdch str\u00e1nk\u00e1ch, na kter\u00fdch byl tento souhlas ud\u011blen, a to jen v p\u0159\u00edpad\u011b, \u017ee m\u00e1 subjekt cookies ve webov\u00e9m prohl\u00ed\u017ee\u010di povoleny. Odhl\u00e1\u0161en\u00ed z p\u0159ij\u00edm\u00e1n\u00ed zas\u00edl\u00e1n\u00ed informac\u00ed o novink\u00e1ch a ak\u010dn\u00edch nab\u00eddk\u00e1ch je mo\u017eno prov\u00e9st v nastaven\u00ed slu\u017eby, pro kterou se u\u017eivatel k odb\u011bru takov\u00fdchto sd\u011blen\u00ed zaregistroval, pop\u0159\u00edpad\u011b emailem:&nbsp;info@eleninadilna<\/p>\n\n\n\n<h5 class=\"wp-block-heading\">2) Zpracov\u00e1v\u00e1n\u00ed cookies z internetov\u00fdch str\u00e1nek eleninad\u00edlna.cz<\/h5>\n\n\n\n<p>V p\u0159\u00edpad\u011b, \u017ee m\u00e1 subjekt ve sv\u00e9m webov\u00e9m prohl\u00ed\u017ee\u010di povoleny cookies, zpracov\u00e1v\u00e1me o n\u011bm z\u00e1znamy chov\u00e1n\u00ed z cookies um\u00edst\u011bn\u00fdch na internetov\u00fdch str\u00e1nk\u00e1ch provozovan\u00fdch&nbsp;<strong>Elenina d\u00edlna \u2013 Olena Czerner<\/strong>, a to pro \u00fa\u010dely zaji\u0161t\u011bn\u00ed lep\u0161\u00edho provozu internetov\u00fdch str\u00e1nek&nbsp;<strong>Elenina d\u00edlna \u2013 Olena Czerner<\/strong>, prov\u00e1d\u011bn\u00ed anal\u00fdz a m\u011b\u0159en\u00ed s c\u00edlem zjistit, jak jsou na\u0161e slu\u017eby pou\u017e\u00edv\u00e1ny a pro \u00fa\u010dely internetov\u00e9 reklamy&nbsp;<strong>Elenina d\u00edlna \u2013 Olena Czerner<\/strong>.<\/p>\n\n\n\n<ol start=\"6\" class=\"wp-block-list\">\n<li>Co jsou cookies a jak\u00e9 druhy cookies pou\u017e\u00edv\u00e1me?<\/li>\n<\/ol>\n\n\n\n<p>Cookies jsou mal\u00e9 datov\u00e9 soubory, d\u00edky kter\u00fdm si nav\u0161t\u00edven\u00e9 webov\u00e9 str\u00e1nky pamatuj\u00ed \u00fakony a nastaven\u00ed jednotliv\u00fdch u\u017eivatel\u016f, kter\u00e9 na nich provedli, tak\u017ee se tyto \u00fadaje nemus\u00ed zad\u00e1vat opakovan\u011b. Soubory cookies se ukl\u00e1daj\u00ed do jednotliv\u00fdch po\u010d\u00edta\u010d\u016f pomoc\u00ed webov\u00e9ho prohl\u00ed\u017ee\u010de. &nbsp;Cookies nep\u0159edstavuj\u00ed nebezpe\u010d\u00ed, neslou\u017e\u00ed k z\u00edsk\u00e1v\u00e1n\u00ed jak\u00fdchkoli citliv\u00fdch osobn\u00edch \u00fadaj\u016f, maj\u00ed v\u0161ak v\u00fdznam pro ochranu soukrom\u00ed. Cookies nepou\u017e\u00edv\u00e1me pro zji\u0161t\u011bn\u00ed toto\u017enosti u\u017eivatel\u016f webov\u00fdch str\u00e1nek ani ke zneu\u017eit\u00ed p\u0159ihla\u0161ovac\u00edch \u00fadaj\u016f. Soubory cookies n\u00e1m nap\u0159. umo\u017e\u0148uj\u00ed u\u017eivatele rozpoznat jako st\u00e1vaj\u00edc\u00edho u\u017eivatele (nap\u0159. p\u0159i p\u0159ihla\u0161ov\u00e1n\u00ed do jeho emailov\u00e9mu \u00fa\u010dtu, p\u0159i autorizaci platby atd.) nebo p\u0159izp\u016fsobit webov\u00e9 str\u00e1nky u\u017eivatelsk\u00fdm preferenc\u00edm. Soubory cookies tak\u00e9 pou\u017e\u00edv\u00e1me k zobrazov\u00e1n\u00ed tzv. behavior\u00e1ln\u011b c\u00edlen\u00e9 on-line inzerce na webov\u00fdch str\u00e1nk\u00e1ch&nbsp;<strong>Elenina d\u00edlna \u2013 Olena Czerner<\/strong>&nbsp;i mimo n\u011b, jednodu\u0161eji \u0159e\u010deno k zobrazov\u00e1n\u00ed pouze takov\u00e9 reklamy, kter\u00e1 je relevantn\u00ed pro dan\u00e9ho konkr\u00e9tn\u00edho u\u017eivatele, ani\u017e by ten byl obt\u011b\u017eov\u00e1n reklamou, kter\u00e1 ho nezaj\u00edm\u00e1.&nbsp; &nbsp; &nbsp; &nbsp; &nbsp; &nbsp; &nbsp; &nbsp; &nbsp; &nbsp; &nbsp; &nbsp; &nbsp; &nbsp; &nbsp; &nbsp; &nbsp; &nbsp; &nbsp; &nbsp; &nbsp; &nbsp; &nbsp; &nbsp; &nbsp; &nbsp; &nbsp; &nbsp; &nbsp; &nbsp; &nbsp; &nbsp; &nbsp; &nbsp; &nbsp; &nbsp; &nbsp; &nbsp; &nbsp; &nbsp; &nbsp; &nbsp; &nbsp; &nbsp; &nbsp; &nbsp; &nbsp; &nbsp; &nbsp; &nbsp; &nbsp; &nbsp; &nbsp; &nbsp; &nbsp; &nbsp; &nbsp; &nbsp; &nbsp; &nbsp; &nbsp; &nbsp; &nbsp; &nbsp; &nbsp; &nbsp; &nbsp; &nbsp; &nbsp; &nbsp; &nbsp; &nbsp; &nbsp; &nbsp; &nbsp; &nbsp;Dal\u0161\u00ed skupinu p\u0159edstavuj\u00ed cookies t\u0159et\u00edch stran (nap\u0159. Google Analytics pro anal\u00fdzu n\u00e1v\u0161t\u011bvnosti dan\u00e9 konkr\u00e9tn\u00ed webov\u00e9 str\u00e1nky \u010di ur\u010dit\u00e9 slu\u017eby \u010di cookies provozovatel\u016f reklamn\u00edch syst\u00e9m\u016f, kter\u00e9 jsou na na\u0161ich str\u00e1nk\u00e1ch provozov\u00e1ny).&nbsp; &nbsp; &nbsp; &nbsp; &nbsp; &nbsp; &nbsp; &nbsp; &nbsp; &nbsp; &nbsp; &nbsp; &nbsp; &nbsp; &nbsp; &nbsp; &nbsp; &nbsp; &nbsp; &nbsp; &nbsp; &nbsp; &nbsp; &nbsp; &nbsp; &nbsp; &nbsp; &nbsp; &nbsp; &nbsp; &nbsp; &nbsp; &nbsp; &nbsp; &nbsp; &nbsp; &nbsp; &nbsp; &nbsp; &nbsp; &nbsp; &nbsp; &nbsp; &nbsp; &nbsp; &nbsp; &nbsp; &nbsp; &nbsp; &nbsp; &nbsp; &nbsp; &nbsp; &nbsp; &nbsp; &nbsp; &nbsp; &nbsp; &nbsp; &nbsp; &nbsp; &nbsp; &nbsp; &nbsp; &nbsp; &nbsp; &nbsp; &nbsp; &nbsp; &nbsp; &nbsp; &nbsp; &nbsp; &nbsp; Vy jako u\u017eivatel\u00e9 m\u00e1te mo\u017enost pou\u017e\u00edv\u00e1n\u00ed cookies odm\u00edtnout. Je v\u0161ak mo\u017en\u00e9, \u017ee v n\u011bkter\u00fdch p\u0159\u00edpadech nebude mo\u017en\u00e9 bez pou\u017e\u00edv\u00e1n\u00ed cookies zobrazit n\u00e1\u0161 ur\u010dit\u00fd produkt.&nbsp; &nbsp; &nbsp; &nbsp; &nbsp; &nbsp; &nbsp; &nbsp; &nbsp; &nbsp; &nbsp; &nbsp; &nbsp; &nbsp; &nbsp; &nbsp; &nbsp; &nbsp; &nbsp; &nbsp; &nbsp; &nbsp; &nbsp; &nbsp; &nbsp; &nbsp; &nbsp; &nbsp; &nbsp; &nbsp; &nbsp; &nbsp; &nbsp; &nbsp; &nbsp; &nbsp; &nbsp; &nbsp; &nbsp; &nbsp; &nbsp; &nbsp; &nbsp; &nbsp; &nbsp; &nbsp; &nbsp; &nbsp; &nbsp; &nbsp; &nbsp; &nbsp; &nbsp; &nbsp; &nbsp; &nbsp; &nbsp; &nbsp; &nbsp; &nbsp; &nbsp; &nbsp; &nbsp; &nbsp; &nbsp; &nbsp; &nbsp; &nbsp; &nbsp; &nbsp; &nbsp; &nbsp; &nbsp; &nbsp; &nbsp; &nbsp; &nbsp; &nbsp; &nbsp; &nbsp; &nbsp; &nbsp; &nbsp; &nbsp; &nbsp; &nbsp; &nbsp; &nbsp; &nbsp; &nbsp; &nbsp; &nbsp; &nbsp; &nbsp; &nbsp; &nbsp; &nbsp; &nbsp; &nbsp; &nbsp; &nbsp; &nbsp; &nbsp; &nbsp; &nbsp; &nbsp; &nbsp; &nbsp; &nbsp; &nbsp; &nbsp; &nbsp; &nbsp; &nbsp; &nbsp; &nbsp; &nbsp; &nbsp; &nbsp; &nbsp; &nbsp; &nbsp; &nbsp; &nbsp; &nbsp; &nbsp; &nbsp; &nbsp; &nbsp; &nbsp; &nbsp; &nbsp; &nbsp; &nbsp; &nbsp; Pokud bude m\u00edt V\u00e1\u0161 prohl\u00ed\u017ee\u010d pou\u017eit\u00ed cookies povoleno, budeme vych\u00e1zet z toho, \u017ee souhlas\u00edte s vyu\u017e\u00edv\u00e1n\u00edm standardn\u00edch cookies ze strany na\u0161ich web\u016f.&nbsp; &nbsp; &nbsp; &nbsp; &nbsp; &nbsp; &nbsp; &nbsp; Pokud nechcete tyto cookies ukl\u00e1dat je mo\u017en\u00e9 jejich pou\u017e\u00edv\u00e1n\u00ed zablokovat.<\/p>\n\n\n\n<ol start=\"7\" class=\"wp-block-list\">\n<li>Kdo v\u0161echno bude m\u00edt k\u00a0Va\u0161im osobn\u00edm \u00fadaj\u016fm p\u0159\u00edstup?<\/li>\n<\/ol>\n\n\n\n<p><strong>Elenina d\u00edlna \u2013 Olena Czerner<\/strong>&nbsp;p\u0159i pln\u011bn\u00ed sv\u00fdch z\u00e1vazk\u016f a povinnost\u00ed ze smluv vyu\u017e\u00edv\u00e1 odborn\u00e9 a specializovan\u00e9 slu\u017eby jin\u00fdch subjekt\u016f. Pokud tito dodavatel\u00e9 zpracov\u00e1vaj\u00ed osobn\u00ed \u00fadaje p\u0159edan\u00e9 od&nbsp;<strong>Elenina d\u00edlna \u2013 Olena Czerner<\/strong>, maj\u00ed postaven\u00ed zpracovatel\u016f osobn\u00edch \u00fadaj\u016f a zpracov\u00e1vaj\u00ed osobn\u00ed \u00fadaje pouze v r\u00e1mci pokyn\u016f od&nbsp;<strong>Elenina d\u00edlna \u2013 Olena Czerner<\/strong>&nbsp;a nesm\u00ed je vyu\u017e\u00edt jinak.&nbsp; &nbsp; &nbsp; &nbsp; &nbsp; &nbsp; &nbsp; &nbsp; &nbsp; &nbsp; &nbsp; &nbsp; &nbsp; &nbsp; &nbsp; &nbsp; &nbsp; &nbsp; &nbsp; &nbsp; &nbsp; &nbsp; &nbsp; &nbsp; &nbsp; &nbsp; &nbsp; &nbsp; &nbsp; &nbsp; &nbsp; &nbsp; &nbsp; &nbsp; &nbsp; &nbsp; &nbsp; &nbsp; &nbsp; &nbsp; &nbsp; &nbsp; &nbsp; &nbsp; &nbsp; &nbsp; &nbsp; &nbsp; &nbsp; &nbsp; &nbsp; &nbsp; &nbsp; &nbsp; &nbsp; &nbsp; &nbsp; &nbsp; &nbsp; &nbsp; &nbsp; &nbsp; &nbsp; &nbsp; &nbsp; &nbsp; &nbsp; &nbsp; &nbsp; &nbsp; &nbsp; &nbsp; &nbsp; &nbsp; &nbsp; &nbsp; &nbsp; &nbsp; &nbsp; &nbsp; &nbsp; &nbsp; &nbsp; &nbsp; &nbsp; &nbsp; &nbsp; &nbsp; &nbsp; &nbsp; &nbsp; &nbsp; &nbsp; &nbsp; &nbsp; &nbsp; Pe\u010dliv\u011b si vyb\u00edr\u00e1me sv\u00e9 partnery, kter\u00fdm Va\u0161e data sv\u011b\u0159ujeme a kte\u0159\u00ed jsou schopni zajistit takov\u00e9 technick\u00e9 a organiza\u010dn\u00ed zabezpe\u010den\u00ed Va\u0161ich&nbsp;\u00fadaj\u016f, aby nemohlo doj\u00edt k&nbsp;neopr\u00e1vn\u011bn\u00e9mu nebo nahodil\u00e9mu p\u0159\u00edstupu k&nbsp;Va\u0161im \u00fadaj\u016fm \u010di k&nbsp;jejich jin\u00e9mu zneu\u017eit\u00ed. Ochrana Va\u0161ich dat je na\u0161\u00ed prioritou. V\u0161ichni na\u0161i partne\u0159i jsou v\u00e1z\u00e1ni povinnost\u00ed ml\u010denlivosti a nesm\u011bj\u00ed vyu\u017e\u00edt poskytnut\u00e9 \u00fadaje k&nbsp;\u017e\u00e1dn\u00fdm jin\u00fdm \u00fa\u010del\u016fm, ne\u017e ke kter\u00fdm jsme jim je zp\u0159\u00edstupnili.<\/p>\n\n\n\n<p>T\u0159et\u00edmi stranami, kter\u00e9 mohou m\u00edt p\u0159\u00edstup k&nbsp;Va\u0161im osobn\u00edm \u00fadaj\u016fm tak jsou:<\/p>\n\n\n\n<ol class=\"wp-block-list\">\n<li>1) Osoby, kter\u00fdm poskytujeme \u00fadaje za \u00fa\u010delem anal\u00fdzy n\u00e1v\u0161t\u011bvnosti na\u0161ich web\u016f;<\/li>\n\n\n\n<li>2) Osoby, kter\u00e9 pro n\u00e1s zaji\u0161\u0165uj\u00ed technick\u00fd provoz ur\u010dit\u00e9 slu\u017eby \u010di provozovatel\u00e9 technologi\u00ed, kter\u00e9 pro na\u0161e slu\u017eby vyu\u017e\u00edv\u00e1me;<\/li>\n\n\n\n<li>3) Osoby, kter\u00e9 V\u00e1m doru\u010duj\u00ed kupovan\u00e9 zbo\u017e\u00ed, ti\u0161t\u011bn\u00e9 propaga\u010dn\u00ed materi\u00e1ly, \u010di d\u00e1rky v\u00a0r\u00e1mci marketingov\u00fdch akc\u00ed;<\/li>\n\n\n\n<li>4) Osoby, kter\u00e9 pro n\u00e1s zaji\u0161\u0165uj\u00ed dostate\u010dn\u00e9 zabezpe\u010den\u00ed a integritu na\u0161ich slu\u017eeb a web\u016f a toto zabezpe\u010den\u00ed tak\u00e9 pravideln\u011b testuj\u00ed;<\/li>\n\n\n\n<li>5) Poskytovatel\u00e9 platebn\u00edch br\u00e1n (poskytovatel\u00e9 platebn\u00edch karet);<\/li>\n\n\n\n<li>6) Obchodn\u00ed partne\u0159i \u010di sponzo\u0159i, kte\u0159\u00ed se pod\u00edlej\u00ed na organizaci na\u0161ich akc\u00ed;<\/li>\n\n\n\n<li>7) Inkasn\u00ed agentury za \u00fa\u010delem vym\u00e1h\u00e1n\u00ed \u010di inkasa pohled\u00e1vek\u00a0<strong>Elenina d\u00edlna \u2013 Olena Czerner<\/strong>;<\/li>\n\n\n\n<li>8) Provozovatel\u00e9 reklamn\u00edch syst\u00e9m\u016f v\u00a0souvislosti s\u00a0c\u00edlenou reklamou;<\/li>\n\n\n\n<li>9) Provozovatel\u00e9 technick\u00fdch \u0159e\u0161en\u00ed, d\u00edky kter\u00fdm V\u00e1m m\u016f\u017eeme zobrazovat pouze pro V\u00e1s relevantn\u00ed obsah a reklamu<\/li>\n<\/ol>\n\n\n\n<p>Za ur\u010dit\u00fdch, p\u0159esn\u011b definovan\u00fdch, podm\u00ednek jsme pak povinni n\u011bkter\u00e9 Va\u0161e osobn\u00ed \u00fadaje&nbsp;p\u0159edat na z\u00e1klad\u011b platn\u00fdch pr\u00e1vn\u00edch p\u0159edpis\u016f nap\u0159. Policii \u010cR, pop\u0159. jin\u00fdm org\u00e1n\u016fm \u010dinn\u00fdm v&nbsp;trestn\u00edm \u0159\u00edzen\u00ed v\u010detn\u011b specializovan\u00fdch \u00fatvar\u016f (\u00daOOZ, Celn\u00ed spr\u00e1va atd.) a dal\u0161\u00edm org\u00e1n\u016fm ve\u0159ejn\u00e9 spr\u00e1vy.<\/p>\n\n\n\n<ol start=\"8\" class=\"wp-block-list\">\n<li>Jak dlouho Va\u0161e \u00fadaje zpracov\u00e1v\u00e1me?<\/li>\n<\/ol>\n\n\n\n<p>Va\u0161e \u00fadaje budeme zpracov\u00e1vat po celou dobu vyu\u017e\u00edv\u00e1n\u00ed na\u0161ich slu\u017eeb (tj. trv\u00e1n\u00ed smluvn\u00edho vztahu mezi n\u00e1mi) a n\u00e1sledn\u011b na z\u00e1klad\u011b V\u00e1mi ud\u011blen\u00e9ho souhlasu po dobu dal\u0161\u00edch 36 m\u011bs\u00edc\u016f, nebude-li tento V\u00e1\u0161 souhlas se zpracov\u00e1n\u00edm osobn\u00edch \u00fadaj\u016f z&nbsp;Va\u0161\u00ed strany odvol\u00e1n.<\/p>\n\n\n\n<p>Zde bychom V\u00e1s v\u0161ak cht\u011bli upozornit, \u017ee ty osobn\u00ed \u00fadaje, kter\u00e9 jsou nezbytn\u00e9 pro \u0159\u00e1dn\u00e9 poskytnut\u00ed V\u00e1mi objednan\u00fdch produkt\u016f, resp. pro spln\u011bn\u00ed v\u0161ech na\u0161ich povinnost\u00ed, a\u0165 ji\u017e tyto povinnosti vypl\u00fdvaj\u00ed ze smlouvy mezi n\u00e1mi \u010di z obecn\u011b z\u00e1vazn\u00fdch pr\u00e1vn\u00edch p\u0159edpis\u016f mus\u00edme zpracov\u00e1vat bez ohledu na V\u00e1mi ud\u011blen\u00fd souhlas po dobu stanovenou p\u0159\u00edslu\u0161n\u00fdmi pr\u00e1vn\u00edmi p\u0159edpisy \u010di v souladu s&nbsp;nimi i po p\u0159\u00edpadn\u00e9m odvol\u00e1n\u00ed Va\u0161eho souhlasu.<\/p>\n\n\n\n<ol start=\"9\" class=\"wp-block-list\">\n<li>M\u016f\u017eeme Va\u0161e osobn\u00ed \u00fadaje zpracov\u00e1vat i bez Va\u0161eho souhlasu?<\/li>\n<\/ol>\n\n\n\n<p>Ano, Va\u0161e osobn\u00ed \u00fadaje m\u016f\u017eeme zpracov\u00e1vat i bez Va\u0161eho souhlasu, ale pouze za \u00fa\u010delem:<\/p>\n\n\n\n<ol class=\"wp-block-list\">\n<li>1) Poskytnut\u00ed produktu (spln\u011bn\u00ed smlouvy uzav\u0159en\u00e9 mezi V\u00e1mi a\u00a0<strong>Elenina d\u00edlna \u2013 Olena Czerner<\/strong>);<\/li>\n\n\n\n<li>2) Spln\u011bn\u00ed pr\u00e1vn\u00edch povinnost\u00ed, kter\u00e9 pro n\u00e1s vypl\u00fdvaj\u00ed z\u00a0obecn\u011b z\u00e1vazn\u00fdch pr\u00e1vn\u00edch p\u0159edpis\u016f;<\/li>\n\n\n\n<li>3) Zpracov\u00e1n\u00ed, je\u017e je nezbytn\u00e9 pro \u00fa\u010dely na\u0161ich opr\u00e1vn\u011bn\u00fdch z\u00e1jm\u016f (nap\u0159. k p\u0159\u00edm\u00e9mu marketingu, zaji\u0161t\u011bn\u00ed bezpe\u010dnosti na\u0161ich web\u016f).<\/li>\n<\/ol>\n\n\n\n<p>Mo\u017enost a z\u00e1konnost takov\u00e9ho zpracov\u00e1n\u00ed vypl\u00fdv\u00e1 p\u0159\u00edmo z&nbsp;platn\u00fdch pr\u00e1vn\u00edch p\u0159edpis\u016f a V\u00e1\u0161 souhlas k&nbsp;tomuto zpracov\u00e1n\u00ed nen\u00ed pot\u0159eba.<\/p>\n\n\n\n<ol start=\"10\" class=\"wp-block-list\">\n<li>Na z\u00e1klad\u011b \u010deho m\u016f\u017eeme zpracov\u00e1vat Va\u0161e osobn\u00ed \u00fadaje?<\/li>\n<\/ol>\n\n\n\n<p>Jak u\u017e bylo \u0159e\u010deno, Va\u0161e osobn\u00ed \u00fadaje m\u016f\u017eeme zpracov\u00e1vat jednak na z\u00e1klad\u011b V\u00e1mi ud\u011blen\u00e9ho souhlasu, ale d\u00e1le nap\u0159\u00edklad tak\u00e9 na z\u00e1klad\u011b na\u0161eho opr\u00e1vn\u011bn\u00e9ho z\u00e1jmu (zejm\u00e9na zpracov\u00e1n\u00ed za \u00fa\u010delem p\u0159\u00edm\u00e9ho marketingu) \u010di pro spln\u011bn\u00ed mezi n\u00e1mi uzav\u0159en\u00e9 smlouvy, a to v&nbsp;rozsahu osobn\u00edch \u00fadaj\u016f, kter\u00e9 jsou k&nbsp;takov\u00e9mu spln\u011bn\u00ed nezbytn\u00e9. V neposledn\u00ed \u0159ad\u011b je pak d\u016fvodem umo\u017e\u0148uj\u00edc\u00edm n\u00e1m zpracov\u00e1vat Va\u0161e osobn\u00ed \u00fadaje i bez Va\u0161eho souhlasu pln\u011bn\u00ed povinnost\u00ed vypl\u00fdvaj\u00edc\u00ed pro n\u00e1s ze z\u00e1kona. Pro jak\u00e9 konkr\u00e9tn\u00ed \u00fa\u010dely prov\u00e1d\u00edme jednotliv\u00e1 zpracov\u00e1n\u00ed Va\u0161ich osobn\u00edch \u00fadaj\u016f uv\u00e1d\u00edme v\u00fd\u0161e.<\/p>\n\n\n\n<ol start=\"11\" class=\"wp-block-list\">\n<li>Jak jsou m\u00e9 osobn\u00ed \u00fadaje zabezpe\u010deny?<\/li>\n<\/ol>\n\n\n\n<p>Ve\u0161ker\u00e9 osobn\u00ed \u00fadaje, kter\u00e9 n\u00e1m poskytnete, jsou zabezpe\u010deny standardn\u00edmi postupy a technologiemi. Nen\u00ed v\u0161ak objektivn\u011b mo\u017en\u00e9 zcela zaru\u010dit bezpe\u010dnost Va\u0161ich osobn\u00edch \u00fadaj\u016f. Proto nen\u00ed ani mo\u017en\u00e9 100 % zajistit, \u017ee k poskytnut\u00fdm osobn\u00edm \u00fadaj\u016fm nem\u016f\u017ee t\u0159et\u00ed osoba z\u00edskat p\u0159\u00edstup, nemohou b\u00fdt zkop\u00edrov\u00e1ny, zve\u0159ejn\u011bny, pozm\u011bn\u011bny nebo zni\u010deny prolomen\u00edm na\u0161ich bezpe\u010dnostn\u00edch opat\u0159en\u00ed<\/p>\n\n\n\n<p>V&nbsp;t\u00e9to souvislosti V\u00e1s nicm\u00e9n\u011b ubezpe\u010dujeme, \u017ee pravideln\u011b kontrolujeme, zda syst\u00e9m neobsahuje slab\u00e1 m\u00edsta a nebyl vystaven \u00fatoku a pou\u017e\u00edv\u00e1me takov\u00e1 bezpe\u010dnost\u00ed opat\u0159en\u00ed, aby, pokud mo\u017eno, nedo\u0161lo k neopr\u00e1vn\u011bn\u00e9mu p\u0159\u00edstupu k Va\u0161im osobn\u00edm \u00fadaj\u016fm, a kter\u00e1 s ohledem na aktu\u00e1ln\u00ed stav technologi\u00ed poskytuj\u00ed dostate\u010dn\u00e9 zabezpe\u010den\u00ed. P\u0159ijat\u00e1 bezpe\u010dnostn\u00ed opat\u0159en\u00ed jsou pak pravideln\u011b aktualizov\u00e1na.<\/p>\n\n\n\n<p>Za \u00fa\u010delem lep\u0161\u00edho zabezpe\u010den\u00ed Va\u0161ich osobn\u00edch \u00fadaj\u016f je p\u0159\u00edstup k t\u011bmto \u00fadaj\u016fm chr\u00e1n\u011bn heslem a citliv\u00e9 \u00fadaje jsou p\u0159i p\u0159enosu mezi Va\u0161\u00edm prohl\u00ed\u017ee\u010dem a na\u0161imi webov\u00fdmi str\u00e1nkami \u0161ifrov\u00e1ny.<\/p>\n\n\n\n<p>Bez Va\u0161\u00ed pomoci a odpov\u011bdn\u00e9ho chov\u00e1n\u00ed v\u0161ak nejsme schopni pln\u011b zajistit bezpe\u010dnost Va\u0161ich \u00fadaj\u016f. Pomozte n\u00e1m proto zajistit bezpe\u010dnost Va\u0161ich \u00fadaj\u016f t\u00edm, \u017ee budete uchov\u00e1vat sv\u00e1 jedine\u010dn\u00e1 hesla a p\u0159\u00edstupov\u00e9 \u00fadaje v&nbsp;tajnosti a budete dodr\u017eovat z\u00e1kladn\u00ed bezpe\u010dnostn\u00ed z\u00e1sady. M\u011bjte pros\u00edm v\u017edy na pam\u011bti, \u017ee e-maily nemus\u00ed b\u00fdt \u0161ifrov\u00e1ny. Proto d\u016frazn\u011b doporu\u010dujeme nepou\u017e\u00edvat tyto formy komunikace p\u0159i poskytov\u00e1n\u00ed d\u016fv\u011brn\u00fdch informac\u00ed.<\/p>\n\n\n\n<ol start=\"12\" class=\"wp-block-list\">\n<li>Jak a kdy m\u016f\u017eete sv\u016fj souhlas se zpracov\u00e1n\u00edm osobn\u00edch \u00fadaj\u016f odvolat?<\/li>\n<\/ol>\n\n\n\n<p>V\u00e1\u0161 dobrovoln\u011b ud\u011blen\u00fd souhlas se zpracov\u00e1n\u00edm osobn\u00edch \u00fadaj\u016f m\u016f\u017eete kdykoli bezplatn\u011b odvolat, a to prost\u0159ednictv\u00edm zasl\u00e1n\u00ed emailov\u00e9 zpr\u00e1vy na adresu: info@eleninadilna Odvol\u00e1n\u00edm souhlasu nen\u00ed dot\u010dena mo\u017enost i nad\u00e1le zpracov\u00e1vat Va\u0161e osobn\u00ed \u00fadaje na z\u00e1klad\u011b Va\u0161eho souhlasu, kter\u00fd byl d\u00e1n p\u0159ed jeho odvol\u00e1n\u00edm. Odvol\u00e1n\u00ed souhlasu tak\u00e9 nem\u00e1 vliv na zpracov\u00e1n\u00ed osobn\u00edch \u00fadaj\u016f, kter\u00e9 zpracov\u00e1v\u00e1me na jin\u00e9m pr\u00e1vn\u00edm z\u00e1kladu, ne\u017e je souhlas (tj. zejm\u00e9na je-li zpracov\u00e1n\u00ed nezbytn\u00e9 pro spln\u011bn\u00ed smlouvy, pr\u00e1vn\u00ed povinnosti \u010di z&nbsp;jin\u00fdch d\u016fvod\u016f uveden\u00fdch v&nbsp;platn\u00fdch pr\u00e1vn\u00edch p\u0159edpisech).<\/p>\n\n\n\n<ol start=\"13\" class=\"wp-block-list\">\n<li>Jsem povinen poskytnout sv\u00e9 osobn\u00ed \u00fadaje? Co kdy\u017e osobn\u00ed \u00fadaje neposkytnu?<\/li>\n<\/ol>\n\n\n\n<p>Va\u0161e osobn\u00ed \u00fadaje n\u00e1m poskytujete dobrovoln\u011b (pro n\u011bkter\u00e9 slu\u017eby je v\u0161ak pro zp\u0159\u00edstupn\u011bn\u00ed slu\u017eby p\u0159ed\u00e1n\u00ed n\u011bkter\u00fdch osobn\u00edch \u00fadaj\u016f vy\u017eadov\u00e1no, tzn. pokud n\u00e1m je nep\u0159ed\u00e1te, nebude V\u00e1m umo\u017en\u011bno tuto slu\u017ebu vyu\u017e\u00edvat).<\/p>\n\n\n\n<p>Zpracov\u00e1n\u00ed Va\u0161ich osobn\u00edch \u00fadaj\u016f, \u010dasto pouze v&nbsp;anonymizovan\u00e9 podob\u011b, ani\u017e bychom byli v\u016fbec schopni V\u00e1s identifikovat jako konkr\u00e9tn\u00edho u\u017eivatele, n\u00e1m umo\u017enuje V\u00e1m poskytovat na\u0161e produkty a tyto neust\u00e1le zlep\u0161ovat a vyv\u00edjet nov\u00e9. Pokud n\u00e1m V\u00e1\u0161 souhlas neud\u011bl\u00edte, pop\u0159. ho dodate\u010dn\u011b odvol\u00e1te, m\u016f\u017ee se st\u00e1t, \u017ee V\u00e1m n\u011bkter\u00e9 na\u0161e produkty ji\u017e nebudeme schopni poskytovat v&nbsp;pln\u00e9m rozsahu. Nen\u00ed v\u0161ak samoz\u0159ejm\u011b Va\u0161\u00ed povinnost\u00ed na\u0161e bezplatn\u00e9 slu\u017eby vyu\u017e\u00edvat.<\/p>\n\n\n\n<ol start=\"14\" class=\"wp-block-list\">\n<li>Jak\u00e1 v\u0161echna pr\u00e1va m\u00e1te v\u00a0souvislosti s\u00a0ochranou osobn\u00edch \u00fadaj\u016f?<\/li>\n<\/ol>\n\n\n\n<p>Ve vztahu k&nbsp;Va\u0161im osobn\u00edm \u00fadaj\u016fm m\u00e1te zejm\u00e9na n\u00e1sleduj\u00edc\u00ed pr\u00e1va:<\/p>\n\n\n\n<p>1) Pr\u00e1vo na informace<\/p>\n\n\n\n<p>2) Pr\u00e1vo na p\u0159\u00edstup k&nbsp;osobn\u00edm \u00fadaj\u016fm<\/p>\n\n\n\n<p>3) Pr\u00e1vo nep\u0159esn\u00e9 osobn\u00ed \u00fadaje opravit \u010di doplnit;<\/p>\n\n\n\n<p>4) Pr\u00e1vo na v\u00fdmaz osobn\u00edch \u00fadaj\u016f (pr\u00e1vo b\u00fdt \u201ezapomenut\u201c) v ur\u010dit\u00fdch p\u0159\u00edpadech;<\/p>\n\n\n\n<p>5) Pr\u00e1vo na omezen\u00ed zpracov\u00e1n\u00ed<\/p>\n\n\n\n<p>6) Pr\u00e1vo na ozn\u00e1men\u00ed opravy, v\u00fdmazu \u010di omezen\u00ed zpracov\u00e1n\u00ed<\/p>\n\n\n\n<p>7) Pr\u00e1vo po\u017eadovat p\u0159enesen\u00ed \u00fadaj\u016f;<\/p>\n\n\n\n<p>8) Pr\u00e1vo vzn\u00e9st n\u00e1mitku \u010di st\u00ed\u017enost proti zpracov\u00e1n\u00ed v ur\u010dit\u00fdch p\u0159\u00edpadech;<\/p>\n\n\n\n<p>9) Sv\u016fj souhlas se zpracov\u00e1n\u00edm osobn\u00edch \u00fadaj\u016f kdykoli odvolat;<\/p>\n\n\n\n<p>10) Pr\u00e1vo b\u00fdt informov\u00e1n o poru\u0161en\u00ed zabezpe\u010den\u00ed osobn\u00edch \u00fadaj\u016f v&nbsp;ur\u010dit\u00fdch p\u0159\u00edpadech;<\/p>\n\n\n\n<p>11) Dal\u0161\u00ed pr\u00e1va stanoven\u00e1 v z\u00e1kon\u011b o ochran\u011b osobn\u00edch \u00fadaj\u016f a v GDPR po nabyt\u00ed jeho \u00fa\u010dinnosti.<\/p>\n\n\n\n<ol start=\"15\" class=\"wp-block-list\">\n<li>Co to znamen\u00e1, \u017ee m\u00e1te pr\u00e1vo vzn\u00e9st n\u00e1mitku?<\/li>\n<\/ol>\n\n\n\n<p>Pokud by se V\u00e1m ji\u017e nel\u00edbilo, \u017ee od n\u00e1s \u010das od \u010dasu dostanete n\u011bjak\u00e9 obchodn\u00ed sd\u011blen\u00ed \u010di jinou informaci o novink\u00e1ch v&nbsp;na\u0161em portfoliu produkt\u016f m\u00e1te mo\u017enost vzn\u00e9st n\u00e1mitku proti dal\u0161\u00edmu zpracov\u00e1v\u00e1n\u00ed Va\u0161ich osobn\u00edch \u00fadaj\u016f za \u00fa\u010delem p\u0159\u00edm\u00e9ho marketingu.&nbsp; Pokud tak u\u010din\u00edte, pro tento \u00fa\u010del ji\u017e Va\u0161e \u00fadaje zpracov\u00e1vat nebudeme a dal\u0161\u00ed obchodn\u00ed sd\u011blen\u00ed a newslettery V\u00e1m ji\u017e zas\u00edlat nebudeme.<\/p>\n\n\n\n<p>Bli\u017e\u0161\u00ed informace o tomto pr\u00e1vu obsahuje zejm\u00e9na \u010dl. 21 GDPR.<\/p>\n\n\n\n<ol start=\"16\" class=\"wp-block-list\">\n<li>Jak n\u00e1s m\u016f\u017eete kontaktovat?<\/li>\n<\/ol>\n\n\n\n<p>V&nbsp;p\u0159\u00edpad\u011b jak\u00e9hokoli dotazu na ochranu osobn\u00edch \u00fadaj\u016f \u010di odvol\u00e1n\u00ed souhlasu s&nbsp;dal\u0161\u00edm zpracov\u00e1n\u00edm Va\u0161ich osobn\u00edch \u00fadaj\u016f vyu\u017eijte pros\u00edm e-mailu info@eleninadilna<\/p>\n","protected":false},"excerpt":{"rendered":"<p>Z\u00e1sady zpracov\u00e1n\u00ed osobn\u00edch \u00fadaj\u016f C\u00edlem t\u011bchto Z\u00e1sad zpracov\u00e1n\u00ed osobn\u00edch \u00fadaj\u016f pro z\u00e1kazn\u00edky dle GDPR (\u201eZ\u00e1sady\u201c) vydan\u00fdch firmou&nbsp;Elenina d\u00edlna\u2013Olena Czerner, se s\u00eddlem&nbsp;Doln\u00ed Marklovice \u010d.4, 735 72 Petrovice u Karvin\u00e9, I\u010cO:&nbsp;19767331, zaps\u00e1no na \u00fa\u0159adu p\u0159\u00edslu\u0161n\u00e9m podle \u00a771 odst.2 \u017eivnostensk\u00e9ho z\u00e1kona:&nbsp;Magistr\u00e1t m\u011bsta Karvin\u00e9, je poskytnout informace o tom, jak\u00e9 osobn\u00ed \u00fadaje (d\u00e1le tak\u00e9 \u201e\u00fadaje\u201c) firma jako spr\u00e1vce zpracov\u00e1v\u00e1 [&hellip;]<\/p>\n","protected":false},"author":1,"featured_media":0,"parent":0,"menu_order":0,"comment_status":"closed","ping_status":"closed","template":"","meta":{"footnotes":""},"class_list":["post-3","page","type-page","status-publish","hentry"],"espresso_ai_page_context":{"short_desc":"","purpose":"general","set_by_espresso":false},"yoast_head":"<!-- This site is optimized with the Yoast SEO Premium plugin v24.6 (Yoast SEO v24.6) - https:\/\/yoast.com\/wordpress\/plugins\/seo\/ -->\n<title>Ochrana osobnich udaju - St\u0159\u00edh\u00e1n\u00ed ps\u016f Elen<\/title>\n<meta name=\"robots\" content=\"index, follow, max-snippet:-1, max-image-preview:large, max-video-preview:-1\" \/>\n<link rel=\"canonical\" href=\"https:\/\/psi-salon.eleninadilna.cz\/domains\/psi-salon.eleninadilna.cz\/ochrana-osobnich-udaju\/\" \/>\n<meta property=\"og:locale\" content=\"cs_CZ\" \/>\n<meta property=\"og:type\" content=\"article\" \/>\n<meta property=\"og:title\" content=\"Ochrana osobnich udaju\" \/>\n<meta property=\"og:description\" content=\"Z\u00e1sady zpracov\u00e1n\u00ed osobn\u00edch \u00fadaj\u016f C\u00edlem t\u011bchto Z\u00e1sad zpracov\u00e1n\u00ed osobn\u00edch \u00fadaj\u016f pro z\u00e1kazn\u00edky dle GDPR (\u201eZ\u00e1sady\u201c) vydan\u00fdch firmou&nbsp;Elenina d\u00edlna\u2013Olena Czerner, se s\u00eddlem&nbsp;Doln\u00ed Marklovice \u010d.4, 735 72 Petrovice u Karvin\u00e9, I\u010cO:&nbsp;19767331, zaps\u00e1no na \u00fa\u0159adu p\u0159\u00edslu\u0161n\u00e9m podle \u00a771 odst.2 \u017eivnostensk\u00e9ho z\u00e1kona:&nbsp;Magistr\u00e1t m\u011bsta Karvin\u00e9, je poskytnout informace o tom, jak\u00e9 osobn\u00ed \u00fadaje (d\u00e1le tak\u00e9 \u201e\u00fadaje\u201c) firma jako spr\u00e1vce zpracov\u00e1v\u00e1 [&hellip;]\" \/>\n<meta property=\"og:url\" content=\"https:\/\/psi-salon.eleninadilna.cz\/domains\/psi-salon.eleninadilna.cz\/ochrana-osobnich-udaju\/\" \/>\n<meta property=\"og:site_name\" content=\"St\u0159\u00edh\u00e1n\u00ed ps\u016f Elen\" \/>\n<meta property=\"article:modified_time\" content=\"2025-03-18T07:38:18+00:00\" \/>\n<meta property=\"og:image\" content=\"https:\/\/psi-salon.eleninadilna.cz\/domains\/psi-salon.eleninadilna.cz\/wp-content\/uploads\/2025\/03\/3-scaled.jpg\" \/>\n\t<meta property=\"og:image:width\" content=\"2560\" \/>\n\t<meta property=\"og:image:height\" content=\"1719\" \/>\n\t<meta property=\"og:image:type\" content=\"image\/jpeg\" \/>\n<meta name=\"twitter:card\" content=\"summary_large_image\" \/>\n<meta name=\"twitter:label1\" content=\"Odhadovan\u00e1 doba \u010dten\u00ed\" \/>\n\t<meta name=\"twitter:data1\" content=\"13 minut\" \/>\n<script type=\"application\/ld+json\" class=\"yoast-schema-graph\">{\"@context\":\"https:\/\/schema.org\",\"@graph\":[{\"@type\":\"WebPage\",\"@id\":\"https:\/\/psi-salon.eleninadilna.cz\/domains\/psi-salon.eleninadilna.cz\/ochrana-osobnich-udaju\/\",\"url\":\"https:\/\/psi-salon.eleninadilna.cz\/domains\/psi-salon.eleninadilna.cz\/ochrana-osobnich-udaju\/\",\"name\":\"Ochrana osobnich udaju - St\u0159\u00edh\u00e1n\u00ed ps\u016f Elen\",\"isPartOf\":{\"@id\":\"https:\/\/psi-salon.eleninadilna.cz\/domains\/psi-salon.eleninadilna.cz\/#website\"},\"datePublished\":\"2025-03-13T10:15:41+00:00\",\"dateModified\":\"2025-03-18T07:38:18+00:00\",\"breadcrumb\":{\"@id\":\"https:\/\/psi-salon.eleninadilna.cz\/domains\/psi-salon.eleninadilna.cz\/ochrana-osobnich-udaju\/#breadcrumb\"},\"inLanguage\":\"cs\",\"potentialAction\":[{\"@type\":\"ReadAction\",\"target\":[\"https:\/\/psi-salon.eleninadilna.cz\/domains\/psi-salon.eleninadilna.cz\/ochrana-osobnich-udaju\/\"]}]},{\"@type\":\"BreadcrumbList\",\"@id\":\"https:\/\/psi-salon.eleninadilna.cz\/domains\/psi-salon.eleninadilna.cz\/ochrana-osobnich-udaju\/#breadcrumb\",\"itemListElement\":[{\"@type\":\"ListItem\",\"position\":1,\"name\":\"Dom\u016f\",\"item\":\"https:\/\/psi-salon.eleninadilna.cz\/domains\/psi-salon.eleninadilna.cz\/\"},{\"@type\":\"ListItem\",\"position\":2,\"name\":\"Ochrana osobnich udaju\"}]},{\"@type\":\"WebSite\",\"@id\":\"https:\/\/psi-salon.eleninadilna.cz\/domains\/psi-salon.eleninadilna.cz\/#website\",\"url\":\"https:\/\/psi-salon.eleninadilna.cz\/domains\/psi-salon.eleninadilna.cz\/\",\"name\":\"St\u0159\u00edh\u00e1n\u00ed ps\u016f Elen\",\"description\":\"Nab\u00edz\u00edm slu\u017eby p\u00e9\u010de o mal\u00e9 psy, jako je nap\u0159\u00edklad st\u0159\u00edh\u00e1n\u00ed srsti, koup\u00e1n\u00ed, st\u0159\u00edh\u00e1n\u00ed dr\u00e1p\u016f a dal\u0161\u00ed \u00fapravy.\",\"publisher\":{\"@id\":\"https:\/\/psi-salon.eleninadilna.cz\/domains\/psi-salon.eleninadilna.cz\/#organization\"},\"potentialAction\":[{\"@type\":\"SearchAction\",\"target\":{\"@type\":\"EntryPoint\",\"urlTemplate\":\"https:\/\/psi-salon.eleninadilna.cz\/domains\/psi-salon.eleninadilna.cz\/?s={search_term_string}\"},\"query-input\":{\"@type\":\"PropertyValueSpecification\",\"valueRequired\":true,\"valueName\":\"search_term_string\"}}],\"inLanguage\":\"cs\"},{\"@type\":\"Organization\",\"@id\":\"https:\/\/psi-salon.eleninadilna.cz\/domains\/psi-salon.eleninadilna.cz\/#organization\",\"name\":\"Elenina d\u00edlna\",\"url\":\"https:\/\/psi-salon.eleninadilna.cz\/domains\/psi-salon.eleninadilna.cz\/\",\"logo\":{\"@type\":\"ImageObject\",\"inLanguage\":\"cs\",\"@id\":\"https:\/\/psi-salon.eleninadilna.cz\/domains\/psi-salon.eleninadilna.cz\/#\/schema\/logo\/image\/\",\"url\":\"https:\/\/psi-salon.eleninadilna.cz\/domains\/psi-salon.eleninadilna.cz\/wp-content\/uploads\/2025\/03\/1.png\",\"contentUrl\":\"https:\/\/psi-salon.eleninadilna.cz\/domains\/psi-salon.eleninadilna.cz\/wp-content\/uploads\/2025\/03\/1.png\",\"width\":2160,\"height\":2160,\"caption\":\"Elenina d\u00edlna\"},\"image\":{\"@id\":\"https:\/\/psi-salon.eleninadilna.cz\/domains\/psi-salon.eleninadilna.cz\/#\/schema\/logo\/image\/\"},\"ownershipFundingInfo\":\"https:\/\/psi-salon.eleninadilna.cz\/domains\/psi-salon.eleninadilna.cz\/o-nas\/\",\"ethicsPolicy\":\"https:\/\/psi-salon.eleninadilna.cz\/domains\/psi-salon.eleninadilna.cz\/ochrana-osobnich-udaju\/\"}]}<\/script>\n<!-- \/ Yoast SEO Premium plugin. -->","yoast_head_json":{"title":"Ochrana osobnich udaju - St\u0159\u00edh\u00e1n\u00ed ps\u016f Elen","robots":{"index":"index","follow":"follow","max-snippet":"max-snippet:-1","max-image-preview":"max-image-preview:large","max-video-preview":"max-video-preview:-1"},"canonical":"https:\/\/psi-salon.eleninadilna.cz\/domains\/psi-salon.eleninadilna.cz\/ochrana-osobnich-udaju\/","og_locale":"cs_CZ","og_type":"article","og_title":"Ochrana osobnich udaju","og_description":"Z\u00e1sady zpracov\u00e1n\u00ed osobn\u00edch \u00fadaj\u016f C\u00edlem t\u011bchto Z\u00e1sad zpracov\u00e1n\u00ed osobn\u00edch \u00fadaj\u016f pro z\u00e1kazn\u00edky dle GDPR (\u201eZ\u00e1sady\u201c) vydan\u00fdch firmou&nbsp;Elenina d\u00edlna\u2013Olena Czerner, se s\u00eddlem&nbsp;Doln\u00ed Marklovice \u010d.4, 735 72 Petrovice u Karvin\u00e9, I\u010cO:&nbsp;19767331, zaps\u00e1no na \u00fa\u0159adu p\u0159\u00edslu\u0161n\u00e9m podle \u00a771 odst.2 \u017eivnostensk\u00e9ho z\u00e1kona:&nbsp;Magistr\u00e1t m\u011bsta Karvin\u00e9, je poskytnout informace o tom, jak\u00e9 osobn\u00ed \u00fadaje (d\u00e1le tak\u00e9 \u201e\u00fadaje\u201c) firma jako spr\u00e1vce zpracov\u00e1v\u00e1 [&hellip;]","og_url":"https:\/\/psi-salon.eleninadilna.cz\/domains\/psi-salon.eleninadilna.cz\/ochrana-osobnich-udaju\/","og_site_name":"St\u0159\u00edh\u00e1n\u00ed ps\u016f Elen","article_modified_time":"2025-03-18T07:38:18+00:00","og_image":[{"width":2560,"height":1719,"url":"https:\/\/psi-salon.eleninadilna.cz\/domains\/psi-salon.eleninadilna.cz\/wp-content\/uploads\/2025\/03\/3-scaled.jpg","type":"image\/jpeg"}],"twitter_card":"summary_large_image","twitter_misc":{"Odhadovan\u00e1 doba \u010dten\u00ed":"13 minut"},"schema":{"@context":"https:\/\/schema.org","@graph":[{"@type":"WebPage","@id":"https:\/\/psi-salon.eleninadilna.cz\/domains\/psi-salon.eleninadilna.cz\/ochrana-osobnich-udaju\/","url":"https:\/\/psi-salon.eleninadilna.cz\/domains\/psi-salon.eleninadilna.cz\/ochrana-osobnich-udaju\/","name":"Ochrana osobnich udaju - St\u0159\u00edh\u00e1n\u00ed ps\u016f Elen","isPartOf":{"@id":"https:\/\/psi-salon.eleninadilna.cz\/domains\/psi-salon.eleninadilna.cz\/#website"},"datePublished":"2025-03-13T10:15:41+00:00","dateModified":"2025-03-18T07:38:18+00:00","breadcrumb":{"@id":"https:\/\/psi-salon.eleninadilna.cz\/domains\/psi-salon.eleninadilna.cz\/ochrana-osobnich-udaju\/#breadcrumb"},"inLanguage":"cs","potentialAction":[{"@type":"ReadAction","target":["https:\/\/psi-salon.eleninadilna.cz\/domains\/psi-salon.eleninadilna.cz\/ochrana-osobnich-udaju\/"]}]},{"@type":"BreadcrumbList","@id":"https:\/\/psi-salon.eleninadilna.cz\/domains\/psi-salon.eleninadilna.cz\/ochrana-osobnich-udaju\/#breadcrumb","itemListElement":[{"@type":"ListItem","position":1,"name":"Dom\u016f","item":"https:\/\/psi-salon.eleninadilna.cz\/domains\/psi-salon.eleninadilna.cz\/"},{"@type":"ListItem","position":2,"name":"Ochrana osobnich udaju"}]},{"@type":"WebSite","@id":"https:\/\/psi-salon.eleninadilna.cz\/domains\/psi-salon.eleninadilna.cz\/#website","url":"https:\/\/psi-salon.eleninadilna.cz\/domains\/psi-salon.eleninadilna.cz\/","name":"St\u0159\u00edh\u00e1n\u00ed ps\u016f Elen","description":"Nab\u00edz\u00edm slu\u017eby p\u00e9\u010de o mal\u00e9 psy, jako je nap\u0159\u00edklad st\u0159\u00edh\u00e1n\u00ed srsti, koup\u00e1n\u00ed, st\u0159\u00edh\u00e1n\u00ed dr\u00e1p\u016f a dal\u0161\u00ed \u00fapravy.","publisher":{"@id":"https:\/\/psi-salon.eleninadilna.cz\/domains\/psi-salon.eleninadilna.cz\/#organization"},"potentialAction":[{"@type":"SearchAction","target":{"@type":"EntryPoint","urlTemplate":"https:\/\/psi-salon.eleninadilna.cz\/domains\/psi-salon.eleninadilna.cz\/?s={search_term_string}"},"query-input":{"@type":"PropertyValueSpecification","valueRequired":true,"valueName":"search_term_string"}}],"inLanguage":"cs"},{"@type":"Organization","@id":"https:\/\/psi-salon.eleninadilna.cz\/domains\/psi-salon.eleninadilna.cz\/#organization","name":"Elenina d\u00edlna","url":"https:\/\/psi-salon.eleninadilna.cz\/domains\/psi-salon.eleninadilna.cz\/","logo":{"@type":"ImageObject","inLanguage":"cs","@id":"https:\/\/psi-salon.eleninadilna.cz\/domains\/psi-salon.eleninadilna.cz\/#\/schema\/logo\/image\/","url":"https:\/\/psi-salon.eleninadilna.cz\/domains\/psi-salon.eleninadilna.cz\/wp-content\/uploads\/2025\/03\/1.png","contentUrl":"https:\/\/psi-salon.eleninadilna.cz\/domains\/psi-salon.eleninadilna.cz\/wp-content\/uploads\/2025\/03\/1.png","width":2160,"height":2160,"caption":"Elenina d\u00edlna"},"image":{"@id":"https:\/\/psi-salon.eleninadilna.cz\/domains\/psi-salon.eleninadilna.cz\/#\/schema\/logo\/image\/"},"ownershipFundingInfo":"https:\/\/psi-salon.eleninadilna.cz\/domains\/psi-salon.eleninadilna.cz\/o-nas\/","ethicsPolicy":"https:\/\/psi-salon.eleninadilna.cz\/domains\/psi-salon.eleninadilna.cz\/ochrana-osobnich-udaju\/"}]}},"_links":{"self":[{"href":"https:\/\/psi-salon.eleninadilna.cz\/domains\/psi-salon.eleninadilna.cz\/wp-json\/wp\/v2\/pages\/3","targetHints":{"allow":["GET"]}}],"collection":[{"href":"https:\/\/psi-salon.eleninadilna.cz\/domains\/psi-salon.eleninadilna.cz\/wp-json\/wp\/v2\/pages"}],"about":[{"href":"https:\/\/psi-salon.eleninadilna.cz\/domains\/psi-salon.eleninadilna.cz\/wp-json\/wp\/v2\/types\/page"}],"author":[{"embeddable":true,"href":"https:\/\/psi-salon.eleninadilna.cz\/domains\/psi-salon.eleninadilna.cz\/wp-json\/wp\/v2\/users\/1"}],"replies":[{"embeddable":true,"href":"https:\/\/psi-salon.eleninadilna.cz\/domains\/psi-salon.eleninadilna.cz\/wp-json\/wp\/v2\/comments?post=3"}],"version-history":[{"count":2,"href":"https:\/\/psi-salon.eleninadilna.cz\/domains\/psi-salon.eleninadilna.cz\/wp-json\/wp\/v2\/pages\/3\/revisions"}],"predecessor-version":[{"id":200,"href":"https:\/\/psi-salon.eleninadilna.cz\/domains\/psi-salon.eleninadilna.cz\/wp-json\/wp\/v2\/pages\/3\/revisions\/200"}],"wp:attachment":[{"href":"https:\/\/psi-salon.eleninadilna.cz\/domains\/psi-salon.eleninadilna.cz\/wp-json\/wp\/v2\/media?parent=3"}],"curies":[{"name":"wp","href":"https:\/\/api.w.org\/{rel}","templated":true}]}}